{"id":33371159,"date":"2021-04-08T13:44:26","date_gmt":"2021-04-08T10:44:26","guid":{"rendered":"https:\/\/www.cesamakina.com\/cevre-politikamiz\/"},"modified":"2021-05-12T14:31:44","modified_gmt":"2021-05-12T11:31:44","slug":"cevre-politikamiz","status":"publish","type":"page","link":"https:\/\/www.cesamakina.com\/en\/kurumsal\/cevre-politikamiz\/","title":{"rendered":"\u00c7evre Politikam\u0131z (\u0130ngilizce)"},"content":{"rendered":"<p>{&#8220;main-title&#8221;:{&#8220;component&#8221;:&#8221;hc_title&#8221;,&#8221;id&#8221;:&#8221;main-title&#8221;,&#8221;title&#8221;:&#8221;&#8221;,&#8221;subtitle&#8221;:&#8221;&#8221;,&#8221;title_content&#8221;:{&#8220;component&#8221;:&#8221;hc_title_image&#8221;,&#8221;id&#8221;:&#8221;title-image&#8221;,&#8221;image&#8221;:&#8221;https:\/\/www.cesamakina.com\/wp-content\/uploads\/2021\/04\/cevre-politikasi-2-1024&#215;446.jpg|836|1920|33370767&#8243;,&#8221;full_screen&#8221;:false,&#8221;full_screen_height&#8221;:&#8221;&#8221;,&#8221;parallax&#8221;:true,&#8221;bleed&#8221;:&#8221;0&#8243;,&#8221;ken_burn&#8221;:&#8221;ken-burn-center&#8221;,&#8221;overlay&#8221;:&#8221;&#8221;,&#8221;breadcrumbs&#8221;:true,&#8221;white&#8221;:true,&#8221;position&#8221;:&#8221;&#8221;}},&#8221;section_5ZtkF&#8221;:{&#8220;component&#8221;:&#8221;hc_section&#8221;,&#8221;id&#8221;:&#8221;section_5ZtkF&#8221;,&#8221;section_width&#8221;:&#8221;&#8221;,&#8221;animation&#8221;:&#8221;&#8221;,&#8221;animation_time&#8221;:&#8221;&#8221;,&#8221;timeline_animation&#8221;:&#8221;&#8221;,&#8221;timeline_delay&#8221;:&#8221;&#8221;,&#8221;timeline_order&#8221;:&#8221;&#8221;,&#8221;vertical_row&#8221;:&#8221;&#8221;,&#8221;box_middle&#8221;:&#8221;&#8221;,&#8221;css_classes&#8221;:&#8221;&#8221;,&#8221;custom_css_classes&#8221;:&#8221;&#8221;,&#8221;custom_css_styles&#8221;:&#8221;&#8221;,&#8221;section_content&#8221;:[{&#8220;component&#8221;:&#8221;hc_column&#8221;,&#8221;id&#8221;:&#8221;column_GzbKr&#8221;,&#8221;column_width&#8221;:&#8221;col-md-3&#8243;,&#8221;animation&#8221;:&#8221;&#8221;,&#8221;animation_time&#8221;:&#8221;&#8221;,&#8221;timeline_animation&#8221;:&#8221;&#8221;,&#8221;timeline_delay&#8221;:&#8221;&#8221;,&#8221;timeline_order&#8221;:&#8221;&#8221;,&#8221;css_classes&#8221;:&#8221;&#8221;,&#8221;custom_css_classes&#8221;:&#8221;&#8221;,&#8221;custom_css_styles&#8221;:&#8221;&#8221;,&#8221;main_content&#8221;:[{&#8220;component&#8221;:&#8221;hc_space&#8221;,&#8221;id&#8221;:&#8221;CoXKv&#8221;,&#8221;css_classes&#8221;:&#8221;&#8221;,&#8221;custom_css_classes&#8221;:&#8221;&#8221;,&#8221;custom_css_styles&#8221;:&#8221;&#8221;,&#8221;size&#8221;:&#8221;m&#8221;,&#8221;height&#8221;:&#8221;&#8221;},{&#8220;component&#8221;:&#8221;hc_inner_menu&#8221;,&#8221;id&#8221;:&#8221;g5pWP&#8221;,&#8221;css_classes&#8221;:&#8221;&#8221;,&#8221;custom_css_classes&#8221;:&#8221;&#8221;,&#8221;custom_css_styles&#8221;:&#8221;&#8221;,&#8221;rows&#8221;:[{&#8220;component&#8221;:&#8221;repeater_item&#8221;,&#8221;id&#8221;:&#8221;7bZtm&#8221;,&#8221;child&#8221;:&#8221;&#8221;,&#8221;icon&#8221;:&#8221;&#8221;,&#8221;text&#8221;:&#8221;HAKKIMIZDA&#8221;,&#8221;link&#8221;:&#8221;https:\/\/www.cesamakina.com\/kurumsal\/hakkimizda\/&#8221;},{&#8220;component&#8221;:&#8221;repeater_item&#8221;,&#8221;id&#8221;:&#8221;9SxzV&#8221;,&#8221;child&#8221;:&#8221;&#8221;,&#8221;icon&#8221;:&#8221;&#8221;,&#8221;text&#8221;:&#8221;GENEL M\u00dcD\u00dcR\u00dcM\u00dcZDEN&#8221;,&#8221;link&#8221;:&#8221;https:\/\/www.cesamakina.com\/kurumsal\/genel-mudurumuzden-mesaj\/&#8221;},{&#8220;component&#8221;:&#8221;repeater_item&#8221;,&#8221;id&#8221;:&#8221;oj39u&#8221;,&#8221;child&#8221;:&#8221;&#8221;,&#8221;icon&#8221;:&#8221;&#8221;,&#8221;text&#8221;:&#8221;M\u0130SYON &#038; V\u0130ZYON&#8221;,&#8221;link&#8221;:&#8221;https:\/\/www.cesamakina.com\/kurumsal\/misyon-vizyon\/&#8221;},{&#8220;component&#8221;:&#8221;repeater_item&#8221;,&#8221;id&#8221;:&#8221;tYFLH&#8221;,&#8221;child&#8221;:&#8221;&#8221;,&#8221;icon&#8221;:&#8221;&#8221;,&#8221;text&#8221;:&#8221;DE\u011eERLER\u0130M\u0130Z&#8221;,&#8221;link&#8221;:&#8221;https:\/\/www.cesamakina.com\/kurumsal\/degerlerimiz\/&#8221;},{&#8220;component&#8221;:&#8221;repeater_item&#8221;,&#8221;id&#8221;:&#8221;NE8AA&#8221;,&#8221;child&#8221;:&#8221;&#8221;,&#8221;icon&#8221;:&#8221;&#8221;,&#8221;text&#8221;:&#8221;\u00d6NCEL\u0130KLER\u0130M\u0130Z&#8221;,&#8221;link&#8221;:&#8221;https:\/\/www.cesamakina.com\/kurumsal\/onceliklerimiz\/&#8221;},{&#8220;component&#8221;:&#8221;repeater_item&#8221;,&#8221;id&#8221;:&#8221;nHDdW&#8221;,&#8221;child&#8221;:&#8221;&#8221;,&#8221;icon&#8221;:&#8221;&#8221;,&#8221;text&#8221;:&#8221;\u00c7EVRE POL\u0130T\u0130KAMIZ&#8221;,&#8221;link&#8221;:&#8221;https:\/\/www.cesamakina.com\/kurumsal\/cevre-politikamiz\/&#8221;},{&#8220;component&#8221;:&#8221;repeater_item&#8221;,&#8221;id&#8221;:&#8221;jjObe&#8221;,&#8221;child&#8221;:&#8221;&#8221;,&#8221;icon&#8221;:&#8221;&#8221;,&#8221;text&#8221;:&#8221;KVKK&#8221;,&#8221;link&#8221;:&#8221;https:\/\/www.cesamakina.com\/kurumsal\/kvkk&#8221;}],&#8221;type&#8221;:&#8221;vertical&#8221;,&#8221;style&#8221;:&#8221;&#8221;,&#8221;alignment&#8221;:&#8221;&#8221;,&#8221;one_page&#8221;:false}]},{&#8220;component&#8221;:&#8221;hc_column&#8221;,&#8221;id&#8221;:&#8221;column_Q2djx&#8221;,&#8221;column_width&#8221;:&#8221;col-md-9&#8243;,&#8221;animation&#8221;:&#8221;&#8221;,&#8221;animation_time&#8221;:&#8221;&#8221;,&#8221;timeline_animation&#8221;:&#8221;&#8221;,&#8221;timeline_delay&#8221;:&#8221;&#8221;,&#8221;timeline_order&#8221;:&#8221;&#8221;,&#8221;css_classes&#8221;:&#8221;boxed-inverse &#8220;,&#8221;custom_css_classes&#8221;:&#8221;&#8221;,&#8221;custom_css_styles&#8221;:&#8221;&#8221;,&#8221;main_content&#8221;:[{&#8220;component&#8221;:&#8221;hc_space&#8221;,&#8221;id&#8221;:&#8221;O0aHk&#8221;,&#8221;css_classes&#8221;:&#8221;&#8221;,&#8221;custom_css_classes&#8221;:&#8221;&#8221;,&#8221;custom_css_styles&#8221;:&#8221;&#8221;,&#8221;size&#8221;:&#8221;xs&#8221;,&#8221;height&#8221;:&#8221;&#8221;},{&#8220;component&#8221;:&#8221;hc_title_tag&#8221;,&#8221;id&#8221;:&#8221;FEBGw&#8221;,&#8221;css_classes&#8221;:&#8221;&#8221;,&#8221;custom_css_classes&#8221;:&#8221;&#8221;,&#8221;custom_css_styles&#8221;:&#8221;&#8221;,&#8221;text&#8221;:&#8221;\u00c7evre Politikam\u0131z (\u0130ngilizce)&#8221;,&#8221;tag&#8221;:&#8221;h2&#8243;},{&#8220;component&#8221;:&#8221;hc_wp_editor&#8221;,&#8221;id&#8221;:&#8221;05UTw&#8221;,&#8221;css_classes&#8221;:&#8221;&#8221;,&#8221;custom_css_classes&#8221;:&#8221;&#8221;,&#8221;custom_css_styles&#8221;:&#8221;&#8221;,&#8221;editor_content&#8221;:&#8221;<\/p>\n<ul>\\n \\t<\/p>\n<li>Cesa Makine olarak, m\u00fc\u015fterilerimize, tedarik\u00e7ilerimize, \u00e7al\u0131\u015fanlar\u0131m\u0131za, ve \u00e7evreye katt\u0131\u011f\u0131m\u0131z de\u011ferleri s\u00fcrekli ve farkedilebilir \u015fekilde art\u0131rmaya karal\u0131y\u0131z.<\/li>\n<p>\\n \\t<\/p>\n<li>Bu kapsamda olu\u015fturdu\u011fumuz \u00c7evre Politikam\u0131z a\u015fa\u011f\u0131daki temellere dayanmaktad\u0131r;<\/li>\n<p>\\n \\t<\/p>\n<li>\u0130klim de\u011fi\u015fikli\u011fine kar\u015f\u0131 duyarl\u0131, temiz ve sa\u011fl\u0131kl\u0131 bir d\u00fcnyan\u0131n gelecek nesillere aktar\u0131lmas\u0131 i\u00e7in gerekli t\u00fcm \u00f6nlemlerin al\u0131nmas\u0131,<\/li>\n<p>\\n \\t<\/p>\n<li>Do\u011fal kaynaklar ve enerjinin verimli kullan\u0131lmas\u0131,<\/li>\n<p>\\n \\t<\/p>\n<li>Kirlili\u011fin olu\u015ftu\u011fu kaynakta \u00f6nlenmesi,<\/li>\n<p>\\n \\t<\/p>\n<li>\u00c7evre kirlili\u011fine neden olabilecek boyutlar\u0131 \u00f6nceden belirleyerek yerinde ve zaman\u0131nda gerekli tedbirleri almay\u0131,<\/li>\n<p>\\n \\t<\/p>\n<li>T\u00fcm i\u015f ortaklar\u0131m\u0131z\u0131 \u00e7ok y\u00f6nl\u00fc ileti\u015fime te\u015fvik ederek \u00e7evre duyarl\u0131l\u0131\u011f\u0131 konusunda fark\u0131ndal\u0131k ve geli\u015fimlerinde katk\u0131da bulunmak. \u00d6rne\u011fin ;<\/li>\n<p>\\n<\/ul>\n<p>&#8220;},{&#8220;component&#8221;:&#8221;hc_image_box&#8221;,&#8221;id&#8221;:&#8221;GdAAO&#8221;,&#8221;css_classes&#8221;:&#8221;&#8221;,&#8221;custom_css_classes&#8221;:&#8221;&#8221;,&#8221;custom_css_styles&#8221;:&#8221;&#8221;,&#8221;image&#8221;:&#8221;https:\/\/www.cesamakina.com\/wp-content\/uploads\/2021\/04\/cesa-cevre-politikasi-754&#215;1024.jpg|1107|815|33369757&#8243;,&#8221;link_type&#8221;:&#8221;classic&#8221;,&#8221;lightbox_animation&#8221;:&#8221;&#8221;,&#8221;caption&#8221;:&#8221;&#8221;,&#8221;inner_caption&#8221;:false,&#8221;new_window&#8221;:false,&#8221;link&#8221;:&#8221;&#8221;,&#8221;link_content&#8221;:[],&#8221;lightbox_size&#8221;:&#8221;&#8221;,&#8221;scrollbox&#8221;:false,&#8221;icon&#8221;:&#8221;&#8221;,&#8221;style&#8221;:&#8221;&#8221;,&#8221;icon_position&#8221;:&#8221;&#8221;,&#8221;image_animation&#8221;:&#8221;&#8221;,&#8221;icon_animation&#8221;:&#8221;&#8221;,&#8221;thumb_size&#8221;:&#8221;large&#8221;,&#8221;icon_hidden&#8221;:true,&#8221;img_box_inner_caption&#8221;:true,&#8221;caption_img_box&#8221;:&#8221;&#8221;,&#8221;alt&#8221;:&#8221;&#8221;}]}],&#8221;section_settings&#8221;:&#8221;&#8221;},&#8221;scripts&#8221;:{&#8220;parallax&#8221;:&#8221;parallax.min.js&#8221;,&#8221;lightbox&#8221;:&#8221;jquery.magnific-popup.min.js&#8221;},&#8221;css&#8221;:{&#8220;lightbox&#8221;:&#8221;scripts\/magnific-popup.css&#8221;},&#8221;css_page&#8221;:&#8221;    [class*=\\&#8221;col-md-\\&#8221;].boxed, [class*=\\&#8221;col-md-\\&#8221;].boxed-inverse {\\n        margin: 0 15px;\\n    }&#8221;,&#8221;template_setting&#8221;:{&#8220;settings&#8221;:{&#8220;id&#8221;:&#8221;settings&#8221;}},&#8221;template_setting_top&#8221;:{},&#8221;page_setting&#8221;:{&#8220;settings&#8221;:[&#8220;lock-mode-off&#8221;,&#8221;inner_menu&#8221;]}}<\/p>\n","protected":false},"excerpt":{"rendered":"<p>{&#8220;main-title&#8221;:{&#8220;component&#8221;:&#8221;hc_title&#8221;,&#8221;id&#8221;:&#8221;main-title&#8221;,&#8221;title&#8221;:&#8221;&#8221;,&#8221;subtitle&#8221;:&#8221;&#8221;,&#8221;title_content&#8221;:{&#8220;component&#8221;:&#8221;hc_title_image&#8221;,&#8221;id&#8221;:&#8221;title-image&#8221;,&#8221;image&#8221;:&#8221;https:\/\/www.cesamakina.com\/wp-content\/uploads\/2021\/04\/cevre-politikasi-2-1024&#215;446.jpg|836|1920|33370767&#8243;,&#8221;full_screen&#8221;:false,&#8221;full_screen_height&#8221;:&#8221;&#8221;,&#8221;parallax&#8221;:true,&#8221;bleed&#8221;:&#8221;0&#8243;,&#8221;ken_burn&#8221;:&#8221;ken-burn-center&#8221;,&#8221;overlay&#8221;:&#8221;&#8221;,&#8221;breadcrumbs&#8221;:true,&#8221;white&#8221;:true,&#8221;position&#8221;:&#8221;&#8221;}},&#8221;section_5ZtkF&#8221;:{&#8220;component&#8221;:&#8221;hc_section&#8221;,&#8221;id&#8221;:&#8221;section_5ZtkF&#8221;,&#8221;section_width&#8221;:&#8221;&#8221;,&#8221;animation&#8221;:&#8221;&#8221;,&#8221;animation_time&#8221;:&#8221;&#8221;,&#8221;timeline_animation&#8221;:&#8221;&#8221;,&#8221;timeline_delay&#8221;:&#8221;&#8221;,&#8221;timeline_order&#8221;:&#8221;&#8221;,&#8221;vertical_row&#8221;:&#8221;&#8221;,&#8221;box_middle&#8221;:&#8221;&#8221;,&#8221;css_classes&#8221;:&#8221;&#8221;,&#8221;custom_css_classes&#8221;:&#8221;&#8221;,&#8221;custom_css_styles&#8221;:&#8221;&#8221;,&#8221;section_content&#8221;:[{&#8220;component&#8221;:&#8221;hc_column&#8221;,&#8221;id&#8221;:&#8221;column_GzbKr&#8221;,&#8221;column_width&#8221;:&#8221;col-md-3&#8243;,&#8221;animation&#8221;:&#8221;&#8221;,&#8221;animation_time&#8221;:&#8221;&#8221;,&#8221;timeline_animation&#8221;:&#8221;&#8221;,&#8221;timeline_delay&#8221;:&#8221;&#8221;,&#8221;timeline_order&#8221;:&#8221;&#8221;,&#8221;css_classes&#8221;:&#8221;&#8221;,&#8221;custom_css_classes&#8221;:&#8221;&#8221;,&#8221;custom_css_styles&#8221;:&#8221;&#8221;,&#8221;main_content&#8221;:[{&#8220;component&#8221;:&#8221;hc_space&#8221;,&#8221;id&#8221;:&#8221;CoXKv&#8221;,&#8221;css_classes&#8221;:&#8221;&#8221;,&#8221;custom_css_classes&#8221;:&#8221;&#8221;,&#8221;custom_css_styles&#8221;:&#8221;&#8221;,&#8221;size&#8221;:&#8221;m&#8221;,&#8221;height&#8221;:&#8221;&#8221;},{&#8220;component&#8221;:&#8221;hc_inner_menu&#8221;,&#8221;id&#8221;:&#8221;g5pWP&#8221;,&#8221;css_classes&#8221;:&#8221;&#8221;,&#8221;custom_css_classes&#8221;:&#8221;&#8221;,&#8221;custom_css_styles&#8221;:&#8221;&#8221;,&#8221;rows&#8221;:[{&#8220;component&#8221;:&#8221;repeater_item&#8221;,&#8221;id&#8221;:&#8221;7bZtm&#8221;,&#8221;child&#8221;:&#8221;&#8221;,&#8221;icon&#8221;:&#8221;&#8221;,&#8221;text&#8221;:&#8221;HAKKIMIZDA&#8221;,&#8221;link&#8221;:&#8221;https:\/\/www.cesamakina.com\/kurumsal\/hakkimizda\/&#8221;},{&#8220;component&#8221;:&#8221;repeater_item&#8221;,&#8221;id&#8221;:&#8221;9SxzV&#8221;,&#8221;child&#8221;:&#8221;&#8221;,&#8221;icon&#8221;:&#8221;&#8221;,&#8221;text&#8221;:&#8221;GENEL M\u00dcD\u00dcR\u00dcM\u00dcZDEN&#8221;,&#8221;link&#8221;:&#8221;https:\/\/www.cesamakina.com\/kurumsal\/genel-mudurumuzden-mesaj\/&#8221;},{&#8220;component&#8221;:&#8221;repeater_item&#8221;,&#8221;id&#8221;:&#8221;oj39u&#8221;,&#8221;child&#8221;:&#8221;&#8221;,&#8221;icon&#8221;:&#8221;&#8221;,&#8221;text&#8221;:&#8221;M\u0130SYON &#038; V\u0130ZYON&#8221;,&#8221;link&#8221;:&#8221;https:\/\/www.cesamakina.com\/kurumsal\/misyon-vizyon\/&#8221;},{&#8220;component&#8221;:&#8221;repeater_item&#8221;,&#8221;id&#8221;:&#8221;tYFLH&#8221;,&#8221;child&#8221;:&#8221;&#8221;,&#8221;icon&#8221;:&#8221;&#8221;,&#8221;text&#8221;:&#8221;DE\u011eERLER\u0130M\u0130Z&#8221;,&#8221;link&#8221;:&#8221;https:\/\/www.cesamakina.com\/kurumsal\/degerlerimiz\/&#8221;},{&#8220;component&#8221;:&#8221;repeater_item&#8221;,&#8221;id&#8221;:&#8221;NE8AA&#8221;,&#8221;child&#8221;:&#8221;&#8221;,&#8221;icon&#8221;:&#8221;&#8221;,&#8221;text&#8221;:&#8221;\u00d6NCEL\u0130KLER\u0130M\u0130Z&#8221;,&#8221;link&#8221;:&#8221;https:\/\/www.cesamakina.com\/kurumsal\/onceliklerimiz\/&#8221;},{&#8220;component&#8221;:&#8221;repeater_item&#8221;,&#8221;id&#8221;:&#8221;nHDdW&#8221;,&#8221;child&#8221;:&#8221;&#8221;,&#8221;icon&#8221;:&#8221;&#8221;,&#8221;text&#8221;:&#8221;\u00c7EVRE POL\u0130T\u0130KAMIZ&#8221;,&#8221;link&#8221;:&#8221;https:\/\/www.cesamakina.com\/kurumsal\/cevre-politikamiz\/&#8221;},{&#8220;component&#8221;:&#8221;repeater_item&#8221;,&#8221;id&#8221;:&#8221;jjObe&#8221;,&#8221;child&#8221;:&#8221;&#8221;,&#8221;icon&#8221;:&#8221;&#8221;,&#8221;text&#8221;:&#8221;KVKK&#8221;,&#8221;link&#8221;:&#8221;https:\/\/www.cesamakina.com\/kurumsal\/kvkk&#8221;}],&#8221;type&#8221;:&#8221;vertical&#8221;,&#8221;style&#8221;:&#8221;&#8221;,&#8221;alignment&#8221;:&#8221;&#8221;,&#8221;one_page&#8221;:false}]},{&#8220;component&#8221;:&#8221;hc_column&#8221;,&#8221;id&#8221;:&#8221;column_Q2djx&#8221;,&#8221;column_width&#8221;:&#8221;col-md-9&#8243;,&#8221;animation&#8221;:&#8221;&#8221;,&#8221;animation_time&#8221;:&#8221;&#8221;,&#8221;timeline_animation&#8221;:&#8221;&#8221;,&#8221;timeline_delay&#8221;:&#8221;&#8221;,&#8221;timeline_order&#8221;:&#8221;&#8221;,&#8221;css_classes&#8221;:&#8221;boxed-inverse &#8220;,&#8221;custom_css_classes&#8221;:&#8221;&#8221;,&#8221;custom_css_styles&#8221;:&#8221;&#8221;,&#8221;main_content&#8221;:[{&#8220;component&#8221;:&#8221;hc_space&#8221;,&#8221;id&#8221;:&#8221;O0aHk&#8221;,&#8221;css_classes&#8221;:&#8221;&#8221;,&#8221;custom_css_classes&#8221;:&#8221;&#8221;,&#8221;custom_css_styles&#8221;:&#8221;&#8221;,&#8221;size&#8221;:&#8221;xs&#8221;,&#8221;height&#8221;:&#8221;&#8221;},{&#8220;component&#8221;:&#8221;hc_title_tag&#8221;,&#8221;id&#8221;:&#8221;FEBGw&#8221;,&#8221;css_classes&#8221;:&#8221;&#8221;,&#8221;custom_css_classes&#8221;:&#8221;&#8221;,&#8221;custom_css_styles&#8221;:&#8221;&#8221;,&#8221;text&#8221;:&#8221;\u00c7evre Politikam\u0131z (\u0130ngilizce)&#8221;,&#8221;tag&#8221;:&#8221;h2&#8243;},{&#8220;component&#8221;:&#8221;hc_wp_editor&#8221;,&#8221;id&#8221;:&#8221;05UTw&#8221;,&#8221;css_classes&#8221;:&#8221;&#8221;,&#8221;custom_css_classes&#8221;:&#8221;&#8221;,&#8221;custom_css_styles&#8221;:&#8221;&#8221;,&#8221;editor_content&#8221;:&#8221; \\n \\t Cesa Makine olarak, m\u00fc\u015fterilerimize, tedarik\u00e7ilerimize, \u00e7al\u0131\u015fanlar\u0131m\u0131za, ve \u00e7evreye katt\u0131\u011f\u0131m\u0131z de\u011ferleri s\u00fcrekli ve farkedilebilir \u015fekilde art\u0131rmaya karal\u0131y\u0131z. \\n \\t Bu kapsamda olu\u015fturdu\u011fumuz \u00c7evre Politikam\u0131z a\u015fa\u011f\u0131daki temellere dayanmaktad\u0131r; \\n \\t \u0130klim de\u011fi\u015fikli\u011fine kar\u015f\u0131 duyarl\u0131, temiz ve sa\u011fl\u0131kl\u0131 bir d\u00fcnyan\u0131n gelecek nesillere aktar\u0131lmas\u0131 i\u00e7in gerekli t\u00fcm \u00f6nlemlerin al\u0131nmas\u0131, [&hellip;]<\/p>\n","protected":false},"author":1,"featured_media":0,"parent":33371162,"menu_order":0,"comment_status":"closed","ping_status":"closed","template":"","meta":[],"_links":{"self":[{"href":"https:\/\/www.cesamakina.com\/en\/wp-json\/wp\/v2\/pages\/33371159"}],"collection":[{"href":"https:\/\/www.cesamakina.com\/en\/wp-json\/wp\/v2\/pages"}],"about":[{"href":"https:\/\/www.cesamakina.com\/en\/wp-json\/wp\/v2\/types\/page"}],"author":[{"embeddable":true,"href":"https:\/\/www.cesamakina.com\/en\/wp-json\/wp\/v2\/users\/1"}],"replies":[{"embeddable":true,"href":"https:\/\/www.cesamakina.com\/en\/wp-json\/wp\/v2\/comments?post=33371159"}],"version-history":[{"count":1,"href":"https:\/\/www.cesamakina.com\/en\/wp-json\/wp\/v2\/pages\/33371159\/revisions"}],"predecessor-version":[{"id":33371193,"href":"https:\/\/www.cesamakina.com\/en\/wp-json\/wp\/v2\/pages\/33371159\/revisions\/33371193"}],"up":[{"embeddable":true,"href":"https:\/\/www.cesamakina.com\/en\/wp-json\/wp\/v2\/pages\/33371162"}],"wp:attachment":[{"href":"https:\/\/www.cesamakina.com\/en\/wp-json\/wp\/v2\/media?parent=33371159"}],"curies":[{"name":"wp","href":"https:\/\/api.w.org\/{rel}","templated":true}]}}